{"id":1585,"date":"2025-07-27T03:34:28","date_gmt":"2025-07-27T03:34:28","guid":{"rendered":"https:\/\/solidariosestrella.org\/?post_type=tribe_events&#038;p=1585"},"modified":"2025-07-28T16:08:05","modified_gmt":"2025-07-28T16:08:05","slug":"apoyo-a-la-semana-del-divino-nino-2025","status":"publish","type":"tribe_events","link":"https:\/\/solidariosestrella.org\/en\/actividad\/apoyo-a-la-semana-del-divino-nino-2025\/","title":{"rendered":"Apoyo a la semana del Divino Ni\u00f1o 2025"},"content":{"rendered":"<p data-start=\"341\" data-end=\"540\">El s\u00e1bado 12 de junio dio inicio en nuestro local la <strong data-start=\"394\" data-end=\"420\">Semana del Divino Ni\u00f1o<\/strong>, una celebraci\u00f3n que resalta la infancia de nuestro Se\u00f1or Jes\u00fas y promueve los valores cristianos en nuestra comunidad.<\/p>\n<p data-start=\"542\" data-end=\"833\">Como Fundaci\u00f3n Solidarios Estrella, quisimos aportar un enfoque diferente a esta significativa actividad religiosa. Adem\u00e1s de los espacios espirituales y la tradicional entrega de caramelos, organizamos una serie de <strong data-start=\"758\" data-end=\"785\">mini charlas educativas<\/strong> dirigidas a ni\u00f1os y ni\u00f1as de entre 5 y 13 a\u00f1os.<\/p>\n<p data-start=\"835\" data-end=\"1184\">Estos espacios fueron facilitados por nuestros colaboradores y voluntarios, abordando temas cotidianos y de inter\u00e9s con un enfoque social y formativo. Creemos firmemente que la religi\u00f3n juega un papel clave en el desarrollo de la ni\u00f1ez, promoviendo una <strong data-start=\"1088\" data-end=\"1106\">cultura de paz<\/strong>, <strong data-start=\"1108\" data-end=\"1183\">valores como el respeto, la solidaridad y el buen comportamiento social<\/strong>.<\/p>\n<p data-start=\"1186\" data-end=\"1251\">\u00a1Gracias a todos los que nos acompa\u00f1aron en esta hermosa jornada!<\/p>","protected":false},"excerpt":{"rendered":"<p>El s\u00e1bado 12 de junio dio inicio en nuestro local la Semana del Divino Ni\u00f1o, una celebraci\u00f3n que resalta la infancia de nuestro Se\u00f1or Jes\u00fas y promueve los valores cristianos [&hellip;]<\/p>\n","protected":false},"author":2,"featured_media":1605,"template":"","meta":{"_price":"","_stock":"","_tribe_ticket_header":"","_tribe_default_ticket_provider":"","_tribe_ticket_capacity":"0","_ticket_start_date":"","_ticket_end_date":"","_tribe_ticket_show_description":"","_tribe_ticket_show_not_going":false,"_tribe_ticket_use_global_stock":"","_tribe_ticket_global_stock_level":"","_global_stock_mode":"","_global_stock_cap":"","_tribe_rsvp_for_event":"","_tribe_ticket_going_count":"","_tribe_ticket_not_going_count":"","_tribe_tickets_list":"[]","_tribe_ticket_has_attendee_info_fields":false,"_tribe_events_status":"","_tribe_events_status_reason":"","_tribe_events_is_hybrid":"","_tribe_events_is_virtual":"","_tribe_events_virtual_video_source":"","_tribe_events_virtual_embed_video":"","_tribe_events_virtual_linked_button_text":"","_tribe_events_virtual_linked_button":"","_tribe_events_virtual_show_embed_at":"","_tribe_events_virtual_show_embed_to":[],"_tribe_events_virtual_show_on_event":"","_tribe_events_virtual_show_on_views":"","_tribe_events_virtual_url":"","footnotes":"","_tec_slr_enabled":"","_tec_slr_layout":""},"tags":[],"tribe_events_cat":[],"class_list":["post-1585","tribe_events","type-tribe_events","status-publish","has-post-thumbnail","hentry"],"yoast_head":"<!-- This site is optimized with the Yoast SEO plugin v27.4 - https:\/\/yoast.com\/product\/yoast-seo-wordpress\/ -->\n<title>Apoyo a la semana del Divino Ni\u00f1o 2025 - Solidarios Estrella<\/title>\n<meta name=\"robots\" content=\"index, follow, max-snippet:-1, max-image-preview:large, max-video-preview:-1\" \/>\n<link rel=\"canonical\" href=\"https:\/\/solidariosestrella.org\/en\/actividad\/apoyo-a-la-semana-del-divino-nino-2025\/\" \/>\n<meta property=\"og:locale\" content=\"en_US\" \/>\n<meta property=\"og:type\" content=\"article\" \/>\n<meta property=\"og:title\" content=\"Apoyo a la semana del Divino Ni\u00f1o 2025 - Solidarios Estrella\" \/>\n<meta property=\"og:description\" content=\"El s\u00e1bado 12 de junio dio inicio en nuestro local la Semana del Divino Ni\u00f1o, una celebraci\u00f3n que resalta la infancia de nuestro Se\u00f1or Jes\u00fas y promueve los valores cristianos [&hellip;]\" \/>\n<meta property=\"og:url\" content=\"https:\/\/solidariosestrella.org\/en\/actividad\/apoyo-a-la-semana-del-divino-nino-2025\/\" \/>\n<meta property=\"og:site_name\" content=\"Solidarios Estrella\" \/>\n<meta property=\"article:publisher\" content=\"https:\/\/www.facebook.com\/profile.php?id=61576196532485\" \/>\n<meta property=\"article:modified_time\" content=\"2025-07-28T16:08:05+00:00\" \/>\n<meta property=\"og:image\" content=\"https:\/\/solidariosestrella.org\/wp-content\/uploads\/2025\/07\/Imagen-de-WhatsApp-2025-07-20-a-las-23.09.14_b7c579d1.jpg\" \/>\n\t<meta property=\"og:image:width\" content=\"1600\" \/>\n\t<meta property=\"og:image:height\" content=\"1066\" \/>\n\t<meta property=\"og:image:type\" content=\"image\/jpeg\" \/>\n<meta name=\"twitter:card\" content=\"summary_large_image\" \/>\n<meta name=\"twitter:site\" content=\"@FSolidariosE\" \/>\n<meta name=\"twitter:label1\" content=\"Est. reading time\" \/>\n\t<meta name=\"twitter:data1\" content=\"1 minute\" \/>\n<script type=\"application\/ld+json\" class=\"yoast-schema-graph\">{\"@context\":\"https:\\\/\\\/schema.org\",\"@graph\":[{\"@type\":\"WebPage\",\"@id\":\"https:\\\/\\\/solidariosestrella.org\\\/actividad\\\/apoyo-a-la-semana-del-divino-nino-2025\\\/\",\"url\":\"https:\\\/\\\/solidariosestrella.org\\\/actividad\\\/apoyo-a-la-semana-del-divino-nino-2025\\\/\",\"name\":\"Apoyo a la semana del Divino Ni\u00f1o 2025 - Solidarios Estrella\",\"isPartOf\":{\"@id\":\"https:\\\/\\\/solidariosestrella.org\\\/#website\"},\"primaryImageOfPage\":{\"@id\":\"https:\\\/\\\/solidariosestrella.org\\\/actividad\\\/apoyo-a-la-semana-del-divino-nino-2025\\\/#primaryimage\"},\"image\":{\"@id\":\"https:\\\/\\\/solidariosestrella.org\\\/actividad\\\/apoyo-a-la-semana-del-divino-nino-2025\\\/#primaryimage\"},\"thumbnailUrl\":\"https:\\\/\\\/solidariosestrella.org\\\/wp-content\\\/uploads\\\/2025\\\/07\\\/Imagen-de-WhatsApp-2025-07-20-a-las-23.09.14_b7c579d1.jpg\",\"datePublished\":\"2025-07-27T03:34:28+00:00\",\"dateModified\":\"2025-07-28T16:08:05+00:00\",\"breadcrumb\":{\"@id\":\"https:\\\/\\\/solidariosestrella.org\\\/actividad\\\/apoyo-a-la-semana-del-divino-nino-2025\\\/#breadcrumb\"},\"inLanguage\":\"en-US\",\"potentialAction\":[{\"@type\":\"ReadAction\",\"target\":[\"https:\\\/\\\/solidariosestrella.org\\\/actividad\\\/apoyo-a-la-semana-del-divino-nino-2025\\\/\"]}]},{\"@type\":\"ImageObject\",\"inLanguage\":\"en-US\",\"@id\":\"https:\\\/\\\/solidariosestrella.org\\\/actividad\\\/apoyo-a-la-semana-del-divino-nino-2025\\\/#primaryimage\",\"url\":\"https:\\\/\\\/solidariosestrella.org\\\/wp-content\\\/uploads\\\/2025\\\/07\\\/Imagen-de-WhatsApp-2025-07-20-a-las-23.09.14_b7c579d1.jpg\",\"contentUrl\":\"https:\\\/\\\/solidariosestrella.org\\\/wp-content\\\/uploads\\\/2025\\\/07\\\/Imagen-de-WhatsApp-2025-07-20-a-las-23.09.14_b7c579d1.jpg\",\"width\":1600,\"height\":1066},{\"@type\":\"BreadcrumbList\",\"@id\":\"https:\\\/\\\/solidariosestrella.org\\\/actividad\\\/apoyo-a-la-semana-del-divino-nino-2025\\\/#breadcrumb\",\"itemListElement\":[{\"@type\":\"ListItem\",\"position\":1,\"name\":\"Home\",\"item\":\"https:\\\/\\\/solidariosestrella.org\\\/\"},{\"@type\":\"ListItem\",\"position\":2,\"name\":\"Eventos\",\"item\":\"https:\\\/\\\/solidariosestrella.org\\\/actividades\\\/\"},{\"@type\":\"ListItem\",\"position\":3,\"name\":\"Apoyo a la semana del Divino Ni\u00f1o 2025\"}]},{\"@type\":\"WebSite\",\"@id\":\"https:\\\/\\\/solidariosestrella.org\\\/#website\",\"url\":\"https:\\\/\\\/solidariosestrella.org\\\/\",\"name\":\"Solidarios Estrella\",\"description\":\"\",\"publisher\":{\"@id\":\"https:\\\/\\\/solidariosestrella.org\\\/#organization\"},\"potentialAction\":[{\"@type\":\"SearchAction\",\"target\":{\"@type\":\"EntryPoint\",\"urlTemplate\":\"https:\\\/\\\/solidariosestrella.org\\\/?s={search_term_string}\"},\"query-input\":{\"@type\":\"PropertyValueSpecification\",\"valueRequired\":true,\"valueName\":\"search_term_string\"}}],\"inLanguage\":\"en-US\"},{\"@type\":\"Organization\",\"@id\":\"https:\\\/\\\/solidariosestrella.org\\\/#organization\",\"name\":\"Solidarios Estrella\",\"url\":\"https:\\\/\\\/solidariosestrella.org\\\/\",\"logo\":{\"@type\":\"ImageObject\",\"inLanguage\":\"en-US\",\"@id\":\"https:\\\/\\\/solidariosestrella.org\\\/#\\\/schema\\\/logo\\\/image\\\/\",\"url\":\"https:\\\/\\\/solidariosestrella.org\\\/wp-content\\\/uploads\\\/2025\\\/07\\\/SE_LogoColorHD_250712_V1.png\",\"contentUrl\":\"https:\\\/\\\/solidariosestrella.org\\\/wp-content\\\/uploads\\\/2025\\\/07\\\/SE_LogoColorHD_250712_V1.png\",\"width\":1782,\"height\":406,\"caption\":\"Solidarios Estrella\"},\"image\":{\"@id\":\"https:\\\/\\\/solidariosestrella.org\\\/#\\\/schema\\\/logo\\\/image\\\/\"},\"sameAs\":[\"https:\\\/\\\/www.facebook.com\\\/profile.php?id=61576196532485\",\"https:\\\/\\\/x.com\\\/FSolidariosE\",\"https:\\\/\\\/www.youtube.com\\\/@FundacionSolidariosEstrella\",\"https:\\\/\\\/www.instagram.com\\\/solidariosestrella?utm_source=ig_web_button_share_sheet&igsh=cHI0OW4wYW8ybDE=\"]}]}<\/script>\n<!-- \/ Yoast SEO plugin. -->","yoast_head_json":{"title":"Apoyo a la semana del Divino Ni\u00f1o 2025 - Solidarios Estrella","robots":{"index":"index","follow":"follow","max-snippet":"max-snippet:-1","max-image-preview":"max-image-preview:large","max-video-preview":"max-video-preview:-1"},"canonical":"https:\/\/solidariosestrella.org\/en\/actividad\/apoyo-a-la-semana-del-divino-nino-2025\/","og_locale":"en_US","og_type":"article","og_title":"Apoyo a la semana del Divino Ni\u00f1o 2025 - Solidarios Estrella","og_description":"El s\u00e1bado 12 de junio dio inicio en nuestro local la Semana del Divino Ni\u00f1o, una celebraci\u00f3n que resalta la infancia de nuestro Se\u00f1or Jes\u00fas y promueve los valores cristianos [&hellip;]","og_url":"https:\/\/solidariosestrella.org\/en\/actividad\/apoyo-a-la-semana-del-divino-nino-2025\/","og_site_name":"Solidarios Estrella","article_publisher":"https:\/\/www.facebook.com\/profile.php?id=61576196532485","article_modified_time":"2025-07-28T16:08:05+00:00","og_image":[{"width":1600,"height":1066,"url":"https:\/\/solidariosestrella.org\/wp-content\/uploads\/2025\/07\/Imagen-de-WhatsApp-2025-07-20-a-las-23.09.14_b7c579d1.jpg","type":"image\/jpeg"}],"twitter_card":"summary_large_image","twitter_site":"@FSolidariosE","twitter_misc":{"Est. reading time":"1 minute"},"schema":{"@context":"https:\/\/schema.org","@graph":[{"@type":"WebPage","@id":"https:\/\/solidariosestrella.org\/actividad\/apoyo-a-la-semana-del-divino-nino-2025\/","url":"https:\/\/solidariosestrella.org\/actividad\/apoyo-a-la-semana-del-divino-nino-2025\/","name":"Apoyo a la semana del Divino Ni\u00f1o 2025 - Solidarios Estrella","isPartOf":{"@id":"https:\/\/solidariosestrella.org\/#website"},"primaryImageOfPage":{"@id":"https:\/\/solidariosestrella.org\/actividad\/apoyo-a-la-semana-del-divino-nino-2025\/#primaryimage"},"image":{"@id":"https:\/\/solidariosestrella.org\/actividad\/apoyo-a-la-semana-del-divino-nino-2025\/#primaryimage"},"thumbnailUrl":"https:\/\/solidariosestrella.org\/wp-content\/uploads\/2025\/07\/Imagen-de-WhatsApp-2025-07-20-a-las-23.09.14_b7c579d1.jpg","datePublished":"2025-07-27T03:34:28+00:00","dateModified":"2025-07-28T16:08:05+00:00","breadcrumb":{"@id":"https:\/\/solidariosestrella.org\/actividad\/apoyo-a-la-semana-del-divino-nino-2025\/#breadcrumb"},"inLanguage":"en-US","potentialAction":[{"@type":"ReadAction","target":["https:\/\/solidariosestrella.org\/actividad\/apoyo-a-la-semana-del-divino-nino-2025\/"]}]},{"@type":"ImageObject","inLanguage":"en-US","@id":"https:\/\/solidariosestrella.org\/actividad\/apoyo-a-la-semana-del-divino-nino-2025\/#primaryimage","url":"https:\/\/solidariosestrella.org\/wp-content\/uploads\/2025\/07\/Imagen-de-WhatsApp-2025-07-20-a-las-23.09.14_b7c579d1.jpg","contentUrl":"https:\/\/solidariosestrella.org\/wp-content\/uploads\/2025\/07\/Imagen-de-WhatsApp-2025-07-20-a-las-23.09.14_b7c579d1.jpg","width":1600,"height":1066},{"@type":"BreadcrumbList","@id":"https:\/\/solidariosestrella.org\/actividad\/apoyo-a-la-semana-del-divino-nino-2025\/#breadcrumb","itemListElement":[{"@type":"ListItem","position":1,"name":"Home","item":"https:\/\/solidariosestrella.org\/"},{"@type":"ListItem","position":2,"name":"Eventos","item":"https:\/\/solidariosestrella.org\/actividades\/"},{"@type":"ListItem","position":3,"name":"Apoyo a la semana del Divino Ni\u00f1o 2025"}]},{"@type":"WebSite","@id":"https:\/\/solidariosestrella.org\/#website","url":"https:\/\/solidariosestrella.org\/","name":"Solidarios Estrella","description":"","publisher":{"@id":"https:\/\/solidariosestrella.org\/#organization"},"potentialAction":[{"@type":"SearchAction","target":{"@type":"EntryPoint","urlTemplate":"https:\/\/solidariosestrella.org\/?s={search_term_string}"},"query-input":{"@type":"PropertyValueSpecification","valueRequired":true,"valueName":"search_term_string"}}],"inLanguage":"en-US"},{"@type":"Organization","@id":"https:\/\/solidariosestrella.org\/#organization","name":"Solidarios Estrella","url":"https:\/\/solidariosestrella.org\/","logo":{"@type":"ImageObject","inLanguage":"en-US","@id":"https:\/\/solidariosestrella.org\/#\/schema\/logo\/image\/","url":"https:\/\/solidariosestrella.org\/wp-content\/uploads\/2025\/07\/SE_LogoColorHD_250712_V1.png","contentUrl":"https:\/\/solidariosestrella.org\/wp-content\/uploads\/2025\/07\/SE_LogoColorHD_250712_V1.png","width":1782,"height":406,"caption":"Solidarios Estrella"},"image":{"@id":"https:\/\/solidariosestrella.org\/#\/schema\/logo\/image\/"},"sameAs":["https:\/\/www.facebook.com\/profile.php?id=61576196532485","https:\/\/x.com\/FSolidariosE","https:\/\/www.youtube.com\/@FundacionSolidariosEstrella","https:\/\/www.instagram.com\/solidariosestrella?utm_source=ig_web_button_share_sheet&igsh=cHI0OW4wYW8ybDE="]}]}},"ticketed":false,"_links":{"self":[{"href":"https:\/\/solidariosestrella.org\/en\/wp-json\/wp\/v2\/tribe_events\/1585","targetHints":{"allow":["GET"]}}],"collection":[{"href":"https:\/\/solidariosestrella.org\/en\/wp-json\/wp\/v2\/tribe_events"}],"about":[{"href":"https:\/\/solidariosestrella.org\/en\/wp-json\/wp\/v2\/types\/tribe_events"}],"author":[{"embeddable":true,"href":"https:\/\/solidariosestrella.org\/en\/wp-json\/wp\/v2\/users\/2"}],"version-history":[{"count":0,"href":"https:\/\/solidariosestrella.org\/en\/wp-json\/wp\/v2\/tribe_events\/1585\/revisions"}],"wp:featuredmedia":[{"embeddable":true,"href":"https:\/\/solidariosestrella.org\/en\/wp-json\/wp\/v2\/media\/1605"}],"wp:attachment":[{"href":"https:\/\/solidariosestrella.org\/en\/wp-json\/wp\/v2\/media?parent=1585"}],"wp:term":[{"taxonomy":"post_tag","embeddable":true,"href":"https:\/\/solidariosestrella.org\/en\/wp-json\/wp\/v2\/tags?post=1585"},{"taxonomy":"tribe_events_cat","embeddable":true,"href":"https:\/\/solidariosestrella.org\/en\/wp-json\/wp\/v2\/tribe_events_cat?post=1585"}],"curies":[{"name":"wp","href":"https:\/\/api.w.org\/{rel}","templated":true}]}}