{"id":1947,"date":"2025-08-21T00:12:15","date_gmt":"2025-08-21T00:12:15","guid":{"rendered":"https:\/\/solidariosestrella.org\/?post_type=tribe_events&#038;p=1947"},"modified":"2025-09-01T23:59:12","modified_gmt":"2025-09-01T23:59:12","slug":"entrega-solidaria-de-mochilas-y-utiles-escolares","status":"publish","type":"tribe_events","link":"https:\/\/solidariosestrella.org\/en\/actividad\/entrega-solidaria-de-mochilas-y-utiles-escolares\/","title":{"rendered":"Entrega Solidaria de Mochilas y \u00datiles Escolares"},"content":{"rendered":"<h3>Primera entrega \u2013 Los Ca\u00f1os, Provincia Hermanas Mirabal<\/h3>\n<p>La primera entrega de mochilas de la campa\u00f1a de recolecci\u00f3n de \u00fatiles escolares marc\u00f3 el inicio de un recorrido solidario cargado de esperanza. En la comunidad de Los Ca\u00f1os, zona monta\u00f1osa de la Provincia Hermanas Mirabal, ni\u00f1os, ni\u00f1as y adolescentes recibieron sus mochilas equipadas con todo lo necesario para iniciar el a\u00f1o escolar: libretas, termos, l\u00e1pices, borras, sacapuntas, lapiceros y cajas de colores. Este logro fue posible gracias al apoyo de los donadores que creen en nuestra misi\u00f3n, reafirmando que donar es una forma efectiva de transformar vidas.<\/p>\n<h3>Segunda entrega \u2013 Alto de Piedras, Salcedo<\/h3>\n<p>La segunda entrega se realiz\u00f3 en la comunidad de Alto de Piedras, Salcedo, donde los m\u00e1s peque\u00f1os recibieron sus mochilas equipadas con \u00fatiles escolares. Esta actividad cont\u00f3 con el apoyo de la organizaci\u00f3n Sociedad Cultura y Fe, quienes colaboraron en la log\u00edstica y evaluaci\u00f3n de los beneficiarios, garantizando que cada ni\u00f1o y ni\u00f1a recibiera su kit escolar. Una vez m\u00e1s, la solidaridad de nuestros donadores y el compromiso de los voluntarios hicieron posible esta jornada de impacto positivo en la educaci\u00f3n de la comunidad.<\/p>\n<h3>Tercera entrega \u2013 Los Pomos #2, Tenares<\/h3>\n<p>Nuestra tercera entrega tuvo lugar en la comunidad Los Pomos #2, Tenares, donde vivimos una experiencia extraordinaria junto a los ni\u00f1os y ni\u00f1as que recibieron sus mochilas listas para acompa\u00f1arlos en el regreso a clases. Agradecemos de manera especial al equipo comunitario que nos acogi\u00f3 con calidez y se sum\u00f3 a la organizaci\u00f3n de esta jornada. La confianza de nuestros donadores y la entrega de nuestros voluntarios hacen posible que cada acci\u00f3n se convierta en un paso m\u00e1s hacia un futuro lleno de oportunidades para la ni\u00f1ez.<\/p>\n<h3>Cuarta entrega \u2013 El Chucho, Salcedo<\/h3>\n<p>La cuarta entrega se llev\u00f3 a cabo en la comunidad de El Chucho, Salcedo, donde los ni\u00f1os y ni\u00f1as recibieron con alegr\u00eda sus mochilas equipadas para continuar sus estudios. La organizaci\u00f3n y acogida por parte de la comunidad, junto con el esfuerzo de voluntarios y colaboradores, hicieron de esta jornada un verdadero \u00e9xito. Reiteramos nuestro agradecimiento a los donadores que conf\u00edan en nuestra labor y permiten que llevemos esperanza y educaci\u00f3n a m\u00e1s localidades.<\/p>\n<h3><strong data-start=\"151\" data-end=\"198\">Segunda etapa \u2013 Guaraguao, Provincia Duarte<\/strong><\/h3>\n<p><br data-start=\"198\" data-end=\"201\" \/>En la segunda etapa de nuestra campa\u00f1a de entrega de mochilas escolares llegamos a la comunidad de Guaraguao, en la Provincia Duarte, donde ni\u00f1os y ni\u00f1as recibieron con alegr\u00eda sus mochilas equipadas con libretas, termos, l\u00e1pices, borras, sacapuntas, lapiceros, medias, reglas, tijeras y cajas de colores. Esta experiencia fue posible gracias a cada persona que conf\u00eda y dona a nuestra fundaci\u00f3n, haciendo realidad la ilusi\u00f3n de que m\u00e1s estudiantes inicien el a\u00f1o escolar con las herramientas necesarias.<\/p>\n<p><strong data-start=\"151\" data-end=\"198\">Segunda etapa \u2013 Hospital de Villa Tapia<\/p>\n<p><\/strong><\/p>\n<p>Continuamos con la Segunda Etapa de las entregas de \u00fatiles escolares; hoy nos encontramos en el Hospital de Villa Tapia entregando mochilas equipadas con: termos, mascotas, cartucheras, lapiceros, l\u00e1pices de carbon, sacapuntas, borras, crayolas, l\u00e1pices de colores etc. Reiteradas gracias a nuestros donadores por confiar en nuestros causas y proyectos; para seguir apoyando estas entregas las cuales impactaremos a diversas localidades esta es la forma de hacerlo.<\/p>\n<p><strong data-start=\"151\" data-end=\"198\">\u00a0<\/strong><\/p>","protected":false},"excerpt":{"rendered":"<p>Primera entrega \u2013 Los Ca\u00f1os, Provincia Hermanas Mirabal La primera entrega de mochilas de la campa\u00f1a de recolecci\u00f3n de \u00fatiles escolares marc\u00f3 el inicio de un recorrido solidario cargado de [&hellip;]<\/p>\n","protected":false},"author":1,"featured_media":1958,"template":"","meta":{"_price":"","_stock":"","_tribe_ticket_header":"","_tribe_default_ticket_provider":"","_tribe_ticket_capacity":"0","_ticket_start_date":"","_ticket_end_date":"","_tribe_ticket_show_description":"","_tribe_ticket_show_not_going":false,"_tribe_ticket_use_global_stock":"","_tribe_ticket_global_stock_level":"","_global_stock_mode":"","_global_stock_cap":"","_tribe_rsvp_for_event":"","_tribe_ticket_going_count":"","_tribe_ticket_not_going_count":"","_tribe_tickets_list":"[]","_tribe_ticket_has_attendee_info_fields":false,"_tribe_events_status":"","_tribe_events_status_reason":"","_tribe_events_is_hybrid":"","_tribe_events_is_virtual":"","_tribe_events_virtual_video_source":"","_tribe_events_virtual_embed_video":"","_tribe_events_virtual_linked_button_text":"","_tribe_events_virtual_linked_button":"","_tribe_events_virtual_show_embed_at":"","_tribe_events_virtual_show_embed_to":[],"_tribe_events_virtual_show_on_event":"","_tribe_events_virtual_show_on_views":"","_tribe_events_virtual_url":"","footnotes":"","_tec_slr_enabled":"","_tec_slr_layout":""},"tags":[],"tribe_events_cat":[],"class_list":["post-1947","tribe_events","type-tribe_events","status-publish","has-post-thumbnail","hentry"],"yoast_head":"<!-- This site is optimized with the Yoast SEO plugin v27.4 - https:\/\/yoast.com\/product\/yoast-seo-wordpress\/ -->\n<title>Entrega Solidaria de Mochilas y \u00datiles Escolares - Solidarios Estrella<\/title>\n<meta name=\"robots\" content=\"index, follow, max-snippet:-1, max-image-preview:large, max-video-preview:-1\" \/>\n<link rel=\"canonical\" href=\"https:\/\/solidariosestrella.org\/en\/actividad\/entrega-solidaria-de-mochilas-y-utiles-escolares\/\" \/>\n<meta property=\"og:locale\" content=\"en_US\" \/>\n<meta property=\"og:type\" content=\"article\" \/>\n<meta property=\"og:title\" content=\"Entrega Solidaria de Mochilas y \u00datiles Escolares - Solidarios Estrella\" \/>\n<meta property=\"og:description\" content=\"Primera entrega \u2013 Los Ca\u00f1os, Provincia Hermanas Mirabal La primera entrega de mochilas de la campa\u00f1a de recolecci\u00f3n de \u00fatiles escolares marc\u00f3 el inicio de un recorrido solidario cargado de [&hellip;]\" \/>\n<meta property=\"og:url\" content=\"https:\/\/solidariosestrella.org\/en\/actividad\/entrega-solidaria-de-mochilas-y-utiles-escolares\/\" \/>\n<meta property=\"og:site_name\" content=\"Solidarios Estrella\" \/>\n<meta property=\"article:publisher\" content=\"https:\/\/www.facebook.com\/profile.php?id=61576196532485\" \/>\n<meta property=\"article:modified_time\" content=\"2025-09-01T23:59:12+00:00\" \/>\n<meta property=\"og:image\" content=\"https:\/\/solidariosestrella.org\/wp-content\/uploads\/2025\/08\/Entrega-de-escolares-02-1.jpg\" \/>\n\t<meta property=\"og:image:width\" content=\"1080\" \/>\n\t<meta property=\"og:image:height\" content=\"1350\" \/>\n\t<meta property=\"og:image:type\" content=\"image\/jpeg\" \/>\n<meta name=\"twitter:card\" content=\"summary_large_image\" \/>\n<meta name=\"twitter:site\" content=\"@FSolidariosE\" \/>\n<meta name=\"twitter:label1\" content=\"Est. reading time\" \/>\n\t<meta name=\"twitter:data1\" content=\"3 minutes\" \/>\n<script type=\"application\/ld+json\" class=\"yoast-schema-graph\">{\"@context\":\"https:\\\/\\\/schema.org\",\"@graph\":[{\"@type\":\"WebPage\",\"@id\":\"https:\\\/\\\/solidariosestrella.org\\\/actividad\\\/entrega-solidaria-de-mochilas-y-utiles-escolares\\\/\",\"url\":\"https:\\\/\\\/solidariosestrella.org\\\/actividad\\\/entrega-solidaria-de-mochilas-y-utiles-escolares\\\/\",\"name\":\"Entrega Solidaria de Mochilas y \u00datiles Escolares - Solidarios Estrella\",\"isPartOf\":{\"@id\":\"https:\\\/\\\/solidariosestrella.org\\\/#website\"},\"primaryImageOfPage\":{\"@id\":\"https:\\\/\\\/solidariosestrella.org\\\/actividad\\\/entrega-solidaria-de-mochilas-y-utiles-escolares\\\/#primaryimage\"},\"image\":{\"@id\":\"https:\\\/\\\/solidariosestrella.org\\\/actividad\\\/entrega-solidaria-de-mochilas-y-utiles-escolares\\\/#primaryimage\"},\"thumbnailUrl\":\"https:\\\/\\\/solidariosestrella.org\\\/wp-content\\\/uploads\\\/2025\\\/08\\\/Entrega-de-escolares-02-1.jpg\",\"datePublished\":\"2025-08-21T00:12:15+00:00\",\"dateModified\":\"2025-09-01T23:59:12+00:00\",\"breadcrumb\":{\"@id\":\"https:\\\/\\\/solidariosestrella.org\\\/actividad\\\/entrega-solidaria-de-mochilas-y-utiles-escolares\\\/#breadcrumb\"},\"inLanguage\":\"en-US\",\"potentialAction\":[{\"@type\":\"ReadAction\",\"target\":[\"https:\\\/\\\/solidariosestrella.org\\\/actividad\\\/entrega-solidaria-de-mochilas-y-utiles-escolares\\\/\"]}]},{\"@type\":\"ImageObject\",\"inLanguage\":\"en-US\",\"@id\":\"https:\\\/\\\/solidariosestrella.org\\\/actividad\\\/entrega-solidaria-de-mochilas-y-utiles-escolares\\\/#primaryimage\",\"url\":\"https:\\\/\\\/solidariosestrella.org\\\/wp-content\\\/uploads\\\/2025\\\/08\\\/Entrega-de-escolares-02-1.jpg\",\"contentUrl\":\"https:\\\/\\\/solidariosestrella.org\\\/wp-content\\\/uploads\\\/2025\\\/08\\\/Entrega-de-escolares-02-1.jpg\",\"width\":1080,\"height\":1350},{\"@type\":\"BreadcrumbList\",\"@id\":\"https:\\\/\\\/solidariosestrella.org\\\/actividad\\\/entrega-solidaria-de-mochilas-y-utiles-escolares\\\/#breadcrumb\",\"itemListElement\":[{\"@type\":\"ListItem\",\"position\":1,\"name\":\"Home\",\"item\":\"https:\\\/\\\/solidariosestrella.org\\\/\"},{\"@type\":\"ListItem\",\"position\":2,\"name\":\"Eventos\",\"item\":\"https:\\\/\\\/solidariosestrella.org\\\/actividades\\\/\"},{\"@type\":\"ListItem\",\"position\":3,\"name\":\"Entrega Solidaria de Mochilas y \u00datiles Escolares\"}]},{\"@type\":\"WebSite\",\"@id\":\"https:\\\/\\\/solidariosestrella.org\\\/#website\",\"url\":\"https:\\\/\\\/solidariosestrella.org\\\/\",\"name\":\"Solidarios Estrella\",\"description\":\"\",\"publisher\":{\"@id\":\"https:\\\/\\\/solidariosestrella.org\\\/#organization\"},\"potentialAction\":[{\"@type\":\"SearchAction\",\"target\":{\"@type\":\"EntryPoint\",\"urlTemplate\":\"https:\\\/\\\/solidariosestrella.org\\\/?s={search_term_string}\"},\"query-input\":{\"@type\":\"PropertyValueSpecification\",\"valueRequired\":true,\"valueName\":\"search_term_string\"}}],\"inLanguage\":\"en-US\"},{\"@type\":\"Organization\",\"@id\":\"https:\\\/\\\/solidariosestrella.org\\\/#organization\",\"name\":\"Solidarios Estrella\",\"url\":\"https:\\\/\\\/solidariosestrella.org\\\/\",\"logo\":{\"@type\":\"ImageObject\",\"inLanguage\":\"en-US\",\"@id\":\"https:\\\/\\\/solidariosestrella.org\\\/#\\\/schema\\\/logo\\\/image\\\/\",\"url\":\"https:\\\/\\\/solidariosestrella.org\\\/wp-content\\\/uploads\\\/2025\\\/07\\\/SE_LogoColorHD_250712_V1.png\",\"contentUrl\":\"https:\\\/\\\/solidariosestrella.org\\\/wp-content\\\/uploads\\\/2025\\\/07\\\/SE_LogoColorHD_250712_V1.png\",\"width\":1782,\"height\":406,\"caption\":\"Solidarios Estrella\"},\"image\":{\"@id\":\"https:\\\/\\\/solidariosestrella.org\\\/#\\\/schema\\\/logo\\\/image\\\/\"},\"sameAs\":[\"https:\\\/\\\/www.facebook.com\\\/profile.php?id=61576196532485\",\"https:\\\/\\\/x.com\\\/FSolidariosE\",\"https:\\\/\\\/www.youtube.com\\\/@FundacionSolidariosEstrella\",\"https:\\\/\\\/www.instagram.com\\\/solidariosestrella?utm_source=ig_web_button_share_sheet&igsh=cHI0OW4wYW8ybDE=\"]}]}<\/script>\n<!-- \/ Yoast SEO plugin. -->","yoast_head_json":{"title":"Entrega Solidaria de Mochilas y \u00datiles Escolares - Solidarios Estrella","robots":{"index":"index","follow":"follow","max-snippet":"max-snippet:-1","max-image-preview":"max-image-preview:large","max-video-preview":"max-video-preview:-1"},"canonical":"https:\/\/solidariosestrella.org\/en\/actividad\/entrega-solidaria-de-mochilas-y-utiles-escolares\/","og_locale":"en_US","og_type":"article","og_title":"Entrega Solidaria de Mochilas y \u00datiles Escolares - Solidarios Estrella","og_description":"Primera entrega \u2013 Los Ca\u00f1os, Provincia Hermanas Mirabal La primera entrega de mochilas de la campa\u00f1a de recolecci\u00f3n de \u00fatiles escolares marc\u00f3 el inicio de un recorrido solidario cargado de [&hellip;]","og_url":"https:\/\/solidariosestrella.org\/en\/actividad\/entrega-solidaria-de-mochilas-y-utiles-escolares\/","og_site_name":"Solidarios Estrella","article_publisher":"https:\/\/www.facebook.com\/profile.php?id=61576196532485","article_modified_time":"2025-09-01T23:59:12+00:00","og_image":[{"width":1080,"height":1350,"url":"https:\/\/solidariosestrella.org\/wp-content\/uploads\/2025\/08\/Entrega-de-escolares-02-1.jpg","type":"image\/jpeg"}],"twitter_card":"summary_large_image","twitter_site":"@FSolidariosE","twitter_misc":{"Est. reading time":"3 minutes"},"schema":{"@context":"https:\/\/schema.org","@graph":[{"@type":"WebPage","@id":"https:\/\/solidariosestrella.org\/actividad\/entrega-solidaria-de-mochilas-y-utiles-escolares\/","url":"https:\/\/solidariosestrella.org\/actividad\/entrega-solidaria-de-mochilas-y-utiles-escolares\/","name":"Entrega Solidaria de Mochilas y \u00datiles Escolares - Solidarios Estrella","isPartOf":{"@id":"https:\/\/solidariosestrella.org\/#website"},"primaryImageOfPage":{"@id":"https:\/\/solidariosestrella.org\/actividad\/entrega-solidaria-de-mochilas-y-utiles-escolares\/#primaryimage"},"image":{"@id":"https:\/\/solidariosestrella.org\/actividad\/entrega-solidaria-de-mochilas-y-utiles-escolares\/#primaryimage"},"thumbnailUrl":"https:\/\/solidariosestrella.org\/wp-content\/uploads\/2025\/08\/Entrega-de-escolares-02-1.jpg","datePublished":"2025-08-21T00:12:15+00:00","dateModified":"2025-09-01T23:59:12+00:00","breadcrumb":{"@id":"https:\/\/solidariosestrella.org\/actividad\/entrega-solidaria-de-mochilas-y-utiles-escolares\/#breadcrumb"},"inLanguage":"en-US","potentialAction":[{"@type":"ReadAction","target":["https:\/\/solidariosestrella.org\/actividad\/entrega-solidaria-de-mochilas-y-utiles-escolares\/"]}]},{"@type":"ImageObject","inLanguage":"en-US","@id":"https:\/\/solidariosestrella.org\/actividad\/entrega-solidaria-de-mochilas-y-utiles-escolares\/#primaryimage","url":"https:\/\/solidariosestrella.org\/wp-content\/uploads\/2025\/08\/Entrega-de-escolares-02-1.jpg","contentUrl":"https:\/\/solidariosestrella.org\/wp-content\/uploads\/2025\/08\/Entrega-de-escolares-02-1.jpg","width":1080,"height":1350},{"@type":"BreadcrumbList","@id":"https:\/\/solidariosestrella.org\/actividad\/entrega-solidaria-de-mochilas-y-utiles-escolares\/#breadcrumb","itemListElement":[{"@type":"ListItem","position":1,"name":"Home","item":"https:\/\/solidariosestrella.org\/"},{"@type":"ListItem","position":2,"name":"Eventos","item":"https:\/\/solidariosestrella.org\/actividades\/"},{"@type":"ListItem","position":3,"name":"Entrega Solidaria de Mochilas y \u00datiles Escolares"}]},{"@type":"WebSite","@id":"https:\/\/solidariosestrella.org\/#website","url":"https:\/\/solidariosestrella.org\/","name":"Solidarios Estrella","description":"","publisher":{"@id":"https:\/\/solidariosestrella.org\/#organization"},"potentialAction":[{"@type":"SearchAction","target":{"@type":"EntryPoint","urlTemplate":"https:\/\/solidariosestrella.org\/?s={search_term_string}"},"query-input":{"@type":"PropertyValueSpecification","valueRequired":true,"valueName":"search_term_string"}}],"inLanguage":"en-US"},{"@type":"Organization","@id":"https:\/\/solidariosestrella.org\/#organization","name":"Solidarios Estrella","url":"https:\/\/solidariosestrella.org\/","logo":{"@type":"ImageObject","inLanguage":"en-US","@id":"https:\/\/solidariosestrella.org\/#\/schema\/logo\/image\/","url":"https:\/\/solidariosestrella.org\/wp-content\/uploads\/2025\/07\/SE_LogoColorHD_250712_V1.png","contentUrl":"https:\/\/solidariosestrella.org\/wp-content\/uploads\/2025\/07\/SE_LogoColorHD_250712_V1.png","width":1782,"height":406,"caption":"Solidarios Estrella"},"image":{"@id":"https:\/\/solidariosestrella.org\/#\/schema\/logo\/image\/"},"sameAs":["https:\/\/www.facebook.com\/profile.php?id=61576196532485","https:\/\/x.com\/FSolidariosE","https:\/\/www.youtube.com\/@FundacionSolidariosEstrella","https:\/\/www.instagram.com\/solidariosestrella?utm_source=ig_web_button_share_sheet&igsh=cHI0OW4wYW8ybDE="]}]}},"ticketed":false,"_links":{"self":[{"href":"https:\/\/solidariosestrella.org\/en\/wp-json\/wp\/v2\/tribe_events\/1947","targetHints":{"allow":["GET"]}}],"collection":[{"href":"https:\/\/solidariosestrella.org\/en\/wp-json\/wp\/v2\/tribe_events"}],"about":[{"href":"https:\/\/solidariosestrella.org\/en\/wp-json\/wp\/v2\/types\/tribe_events"}],"author":[{"embeddable":true,"href":"https:\/\/solidariosestrella.org\/en\/wp-json\/wp\/v2\/users\/1"}],"version-history":[{"count":0,"href":"https:\/\/solidariosestrella.org\/en\/wp-json\/wp\/v2\/tribe_events\/1947\/revisions"}],"wp:featuredmedia":[{"embeddable":true,"href":"https:\/\/solidariosestrella.org\/en\/wp-json\/wp\/v2\/media\/1958"}],"wp:attachment":[{"href":"https:\/\/solidariosestrella.org\/en\/wp-json\/wp\/v2\/media?parent=1947"}],"wp:term":[{"taxonomy":"post_tag","embeddable":true,"href":"https:\/\/solidariosestrella.org\/en\/wp-json\/wp\/v2\/tags?post=1947"},{"taxonomy":"tribe_events_cat","embeddable":true,"href":"https:\/\/solidariosestrella.org\/en\/wp-json\/wp\/v2\/tribe_events_cat?post=1947"}],"curies":[{"name":"wp","href":"https:\/\/api.w.org\/{rel}","templated":true}]}}