{"id":2408,"date":"2026-09-05T20:52:35","date_gmt":"2026-09-05T20:52:35","guid":{"rendered":"https:\/\/solidariosestrella.org\/?post_type=tribe_events&#038;p=2408"},"modified":"2026-09-05T21:43:00","modified_gmt":"2026-09-05T21:43:00","slug":"mochilas-llenas-comunidad-por-comunidad","status":"publish","type":"tribe_events","link":"https:\/\/solidariosestrella.org\/en\/actividad\/mochilas-llenas-comunidad-por-comunidad\/","title":{"rendered":"Mochilas Llenas: comunidad por comunidad"},"content":{"rendered":"<section class=\"fse-recorrido\" aria-labelledby=\"fse-recorrido-titulo\">\n<div class=\"fse-recorrido__intro\">\n<p class=\"fse-recorrido__antetitulo\">Campa\u00f1a de \u00fatiles escolares 2026<\/p>\n<h2 id=\"fse-recorrido-titulo\" class=\"fse-recorrido__titulo\">Mochilas Llenas: el recorrido de la campa\u00f1a<\/h2>\n<p class=\"fse-recorrido__entrada\">Bajo el lema <strong>Mochilas Llenas<\/strong>, nos propusimos suplir de \u00fatiles escolares a m\u00e1s de 200 ni\u00f1os y ni\u00f1as antes del inicio de clases. Cada kit educativo incluye cuadernos, l\u00e1pices, lapiceros, crayolas, l\u00e1pices de colores, sacapuntas y gomas de borrar.<\/p>\n<p class=\"fse-recorrido__entrada\">Entrega tras entrega, la campa\u00f1a nos llev\u00f3 desde la parte alta de la provincia Hermanas Mirabal hasta Santo Domingo. Este es el recorrido de cada jornada, hecha posible por nuestros donantes, colaboradores y voluntarios.<\/p>\n<p><a class=\"fse-recorrido__cta\" href=\"https:\/\/solidariosestrella.org\/en\/casos\/mochilas-llenas-recaudacion-de-utiles-escolares-2026\/\">Quiero colaborar<\/a><\/div>\n<ol class=\"fse-recorrido__ruta\">\n<li class=\"fse-parada\">\n<p class=\"fse-parada__meta\">Primera entrega \u00b7 <span class=\"fse-parada__lugar\">El Muerto, Salcedo<\/span><\/p>\n<h3 class=\"fse-parada__titulo\">La educaci\u00f3n llega a lo m\u00e1s alto<\/h3>\n<p class=\"fse-parada__texto\">Nos trasladamos a la parte alta de Salcedo, a la comunidad de El Muerto, para acompa\u00f1ar a ni\u00f1os, ni\u00f1as y adolescentes en el arranque del a\u00f1o escolar. Cada uno recibi\u00f3 su kit educativo completo y compartimos la tarde con un refrigerio.<\/p>\n<\/li>\n<li class=\"fse-parada\">\n<p class=\"fse-parada__meta\">Segunda entrega \u00b7 <span class=\"fse-parada__lugar\">Los Aracenes, Hermanas Mirabal<\/span><\/p>\n<h3 class=\"fse-parada__titulo\">Seguimos sumando sonrisas<\/h3>\n<p class=\"fse-parada__texto\">El punto de encuentro fue la comunidad de Los Aracenes, donde entregamos kits escolares completos a los m\u00e1s peque\u00f1os. La jornada cerr\u00f3 con un brindis de jugos y caramelos, gracias al apoyo de nuestros aliados.<\/p>\n<\/li>\n<li class=\"fse-parada\">\n<p class=\"fse-parada__meta\">Tercera entrega \u00b7 <span class=\"fse-parada__lugar\">Barrio El Chucho, Salcedo<\/span><\/p>\n<h3 class=\"fse-parada__titulo\">El coraz\u00f3n de la ciudad se llena de \u00fatiles<\/h3>\n<p class=\"fse-parada__texto\">La campa\u00f1a lleg\u00f3 al Barrio El Chucho y a comunidades vecinas. All\u00ed entregamos kits escolares a ni\u00f1os y ni\u00f1as listos para comenzar las clases, y celebramos la jornada con un brindis compartido.<\/p>\n<\/li>\n<li class=\"fse-parada\">\n<p class=\"fse-parada__meta\">Cuarta entrega \u00b7 <span class=\"fse-parada__lugar\">Villa Duarte, Santo Domingo<\/span><\/p>\n<h3 class=\"fse-parada__titulo\">De Hermanas Mirabal a Santo Domingo<\/h3>\n<p class=\"fse-parada__texto\">La ruta continu\u00f3 en la ca\u00f1ada de Villa Duarte, donde entregamos diversos kits escolares a los ni\u00f1os y ni\u00f1as de la localidad. Una jornada sostenida por nuestros donantes y por voluntarios que donan su tiempo con enorme entrega.<\/p>\n<\/li>\n<\/ol>\n<\/section>","protected":false},"excerpt":{"rendered":"<p>Campa\u00f1a de \u00fatiles escolares 2026 Mochilas Llenas: el recorrido de la campa\u00f1a Bajo el lema Mochilas Llenas, nos propusimos suplir de \u00fatiles escolares a m\u00e1s de 200 ni\u00f1os y ni\u00f1as [&hellip;]<\/p>\n","protected":false},"author":1,"featured_media":2418,"template":"","meta":{"_price":"","_stock":"","_tribe_ticket_header":"","_tribe_default_ticket_provider":"","_tribe_ticket_capacity":"0","_ticket_start_date":"","_ticket_end_date":"","_tribe_ticket_show_description":"","_tribe_ticket_show_not_going":false,"_tribe_ticket_use_global_stock":"","_tribe_ticket_global_stock_level":"","_global_stock_mode":"","_global_stock_cap":"","_tribe_rsvp_for_event":"","_tribe_ticket_going_count":"","_tribe_ticket_not_going_count":"","_tribe_tickets_list":"[]","_tribe_ticket_has_attendee_info_fields":false,"_tribe_events_status":"","_tribe_events_status_reason":"","_tribe_events_is_hybrid":"","_tribe_events_is_virtual":"","_tribe_events_virtual_video_source":"","_tribe_events_virtual_embed_video":"","_tribe_events_virtual_linked_button_text":"","_tribe_events_virtual_linked_button":"","_tribe_events_virtual_show_embed_at":"","_tribe_events_virtual_show_embed_to":[],"_tribe_events_virtual_show_on_event":"","_tribe_events_virtual_show_on_views":"","_tribe_events_virtual_url":"","footnotes":"","_tec_slr_enabled":"","_tec_slr_layout":""},"tags":[],"tribe_events_cat":[],"class_list":["post-2408","tribe_events","type-tribe_events","status-publish","has-post-thumbnail","hentry"],"yoast_head":"<!-- This site is optimized with the Yoast SEO plugin v28.1 - https:\/\/yoast.com\/product\/yoast-seo-wordpress\/ -->\n<title>Mochilas Llenas: comunidad por comunidad - Solidarios Estrella<\/title>\n<meta name=\"robots\" content=\"index, follow, max-snippet:-1, max-image-preview:large, max-video-preview:-1\" \/>\n<link rel=\"canonical\" href=\"https:\/\/solidariosestrella.org\/en\/actividad\/mochilas-llenas-comunidad-por-comunidad\/\" \/>\n<meta property=\"og:locale\" content=\"en_US\" \/>\n<meta property=\"og:type\" content=\"article\" \/>\n<meta property=\"og:title\" content=\"Mochilas Llenas: comunidad por comunidad - Solidarios Estrella\" \/>\n<meta property=\"og:description\" content=\"Campa\u00f1a de \u00fatiles escolares 2026 Mochilas Llenas: el recorrido de la campa\u00f1a Bajo el lema Mochilas Llenas, nos propusimos suplir de \u00fatiles escolares a m\u00e1s de 200 ni\u00f1os y ni\u00f1as [&hellip;]\" \/>\n<meta property=\"og:url\" content=\"https:\/\/solidariosestrella.org\/en\/actividad\/mochilas-llenas-comunidad-por-comunidad\/\" \/>\n<meta property=\"og:site_name\" content=\"Solidarios Estrella\" \/>\n<meta property=\"article:publisher\" content=\"https:\/\/www.facebook.com\/profile.php?id=61576196532485\" \/>\n<meta property=\"article:modified_time\" content=\"2026-09-05T21:43:00+00:00\" \/>\n<meta property=\"og:image\" content=\"https:\/\/solidariosestrella.org\/wp-content\/uploads\/2026\/09\/DSC4961-scaled.jpg\" \/>\n\t<meta property=\"og:image:width\" content=\"2560\" \/>\n\t<meta property=\"og:image:height\" content=\"1707\" \/>\n\t<meta property=\"og:image:type\" content=\"image\/jpeg\" \/>\n<meta name=\"twitter:card\" content=\"summary_large_image\" \/>\n<meta name=\"twitter:site\" content=\"@FSolidariosE\" \/>\n<meta name=\"twitter:label1\" content=\"Est. reading time\" \/>\n\t<meta name=\"twitter:data1\" content=\"2 minutes\" \/>\n<script type=\"application\/ld+json\" class=\"yoast-schema-graph\">{\"@context\":\"https:\\\/\\\/schema.org\",\"@graph\":[{\"@type\":\"WebPage\",\"@id\":\"https:\\\/\\\/solidariosestrella.org\\\/actividad\\\/mochilas-llenas-comunidad-por-comunidad\\\/\",\"url\":\"https:\\\/\\\/solidariosestrella.org\\\/actividad\\\/mochilas-llenas-comunidad-por-comunidad\\\/\",\"name\":\"Mochilas Llenas: comunidad por comunidad - Solidarios Estrella\",\"isPartOf\":{\"@id\":\"https:\\\/\\\/solidariosestrella.org\\\/#website\"},\"primaryImageOfPage\":{\"@id\":\"https:\\\/\\\/solidariosestrella.org\\\/actividad\\\/mochilas-llenas-comunidad-por-comunidad\\\/#primaryimage\"},\"image\":{\"@id\":\"https:\\\/\\\/solidariosestrella.org\\\/actividad\\\/mochilas-llenas-comunidad-por-comunidad\\\/#primaryimage\"},\"thumbnailUrl\":\"https:\\\/\\\/solidariosestrella.org\\\/wp-content\\\/uploads\\\/2026\\\/09\\\/DSC4961-scaled.jpg\",\"datePublished\":\"2026-09-05T20:52:35+00:00\",\"dateModified\":\"2026-09-05T21:43:00+00:00\",\"breadcrumb\":{\"@id\":\"https:\\\/\\\/solidariosestrella.org\\\/actividad\\\/mochilas-llenas-comunidad-por-comunidad\\\/#breadcrumb\"},\"inLanguage\":\"en-US\",\"potentialAction\":[{\"@type\":\"ReadAction\",\"target\":[\"https:\\\/\\\/solidariosestrella.org\\\/actividad\\\/mochilas-llenas-comunidad-por-comunidad\\\/\"]}]},{\"@type\":\"ImageObject\",\"inLanguage\":\"en-US\",\"@id\":\"https:\\\/\\\/solidariosestrella.org\\\/actividad\\\/mochilas-llenas-comunidad-por-comunidad\\\/#primaryimage\",\"url\":\"https:\\\/\\\/solidariosestrella.org\\\/wp-content\\\/uploads\\\/2026\\\/09\\\/DSC4961-scaled.jpg\",\"contentUrl\":\"https:\\\/\\\/solidariosestrella.org\\\/wp-content\\\/uploads\\\/2026\\\/09\\\/DSC4961-scaled.jpg\",\"width\":2560,\"height\":1707},{\"@type\":\"BreadcrumbList\",\"@id\":\"https:\\\/\\\/solidariosestrella.org\\\/actividad\\\/mochilas-llenas-comunidad-por-comunidad\\\/#breadcrumb\",\"itemListElement\":[{\"@type\":\"ListItem\",\"position\":1,\"name\":\"Home\",\"item\":\"https:\\\/\\\/solidariosestrella.org\\\/\"},{\"@type\":\"ListItem\",\"position\":2,\"name\":\"Eventos\",\"item\":\"https:\\\/\\\/solidariosestrella.org\\\/actividades\\\/\"},{\"@type\":\"ListItem\",\"position\":3,\"name\":\"Mochilas Llenas: comunidad por comunidad\"}]},{\"@type\":\"WebSite\",\"@id\":\"https:\\\/\\\/solidariosestrella.org\\\/#website\",\"url\":\"https:\\\/\\\/solidariosestrella.org\\\/\",\"name\":\"Solidarios Estrella\",\"description\":\"\",\"publisher\":{\"@id\":\"https:\\\/\\\/solidariosestrella.org\\\/#organization\"},\"potentialAction\":[{\"@type\":\"SearchAction\",\"target\":{\"@type\":\"EntryPoint\",\"urlTemplate\":\"https:\\\/\\\/solidariosestrella.org\\\/?s={search_term_string}\"},\"query-input\":{\"@type\":\"PropertyValueSpecification\",\"valueRequired\":true,\"valueName\":\"search_term_string\"}}],\"inLanguage\":\"en-US\"},{\"@type\":\"Organization\",\"@id\":\"https:\\\/\\\/solidariosestrella.org\\\/#organization\",\"name\":\"Solidarios Estrella\",\"url\":\"https:\\\/\\\/solidariosestrella.org\\\/\",\"logo\":{\"@type\":\"ImageObject\",\"inLanguage\":\"en-US\",\"@id\":\"https:\\\/\\\/solidariosestrella.org\\\/#\\\/schema\\\/logo\\\/image\\\/\",\"url\":\"https:\\\/\\\/solidariosestrella.org\\\/wp-content\\\/uploads\\\/2025\\\/07\\\/SE_LogoColorHD_250712_V1.png\",\"contentUrl\":\"https:\\\/\\\/solidariosestrella.org\\\/wp-content\\\/uploads\\\/2025\\\/07\\\/SE_LogoColorHD_250712_V1.png\",\"width\":1782,\"height\":406,\"caption\":\"Solidarios Estrella\"},\"image\":{\"@id\":\"https:\\\/\\\/solidariosestrella.org\\\/#\\\/schema\\\/logo\\\/image\\\/\"},\"sameAs\":[\"https:\\\/\\\/www.facebook.com\\\/profile.php?id=61576196532485\",\"https:\\\/\\\/x.com\\\/FSolidariosE\",\"https:\\\/\\\/www.youtube.com\\\/@FundacionSolidariosEstrella\",\"https:\\\/\\\/www.instagram.com\\\/solidariosestrella?utm_source=ig_web_button_share_sheet&igsh=cHI0OW4wYW8ybDE=\"]}]}<\/script>\n<!-- \/ Yoast SEO plugin. -->","yoast_head_json":{"title":"Mochilas Llenas: comunidad por comunidad - Solidarios Estrella","robots":{"index":"index","follow":"follow","max-snippet":"max-snippet:-1","max-image-preview":"max-image-preview:large","max-video-preview":"max-video-preview:-1"},"canonical":"https:\/\/solidariosestrella.org\/en\/actividad\/mochilas-llenas-comunidad-por-comunidad\/","og_locale":"en_US","og_type":"article","og_title":"Mochilas Llenas: comunidad por comunidad - Solidarios Estrella","og_description":"Campa\u00f1a de \u00fatiles escolares 2026 Mochilas Llenas: el recorrido de la campa\u00f1a Bajo el lema Mochilas Llenas, nos propusimos suplir de \u00fatiles escolares a m\u00e1s de 200 ni\u00f1os y ni\u00f1as [&hellip;]","og_url":"https:\/\/solidariosestrella.org\/en\/actividad\/mochilas-llenas-comunidad-por-comunidad\/","og_site_name":"Solidarios Estrella","article_publisher":"https:\/\/www.facebook.com\/profile.php?id=61576196532485","article_modified_time":"2026-09-05T21:43:00+00:00","og_image":[{"width":2560,"height":1707,"url":"https:\/\/solidariosestrella.org\/wp-content\/uploads\/2026\/09\/DSC4961-scaled.jpg","type":"image\/jpeg"}],"twitter_card":"summary_large_image","twitter_site":"@FSolidariosE","twitter_misc":{"Est. reading time":"2 minutes"},"schema":{"@context":"https:\/\/schema.org","@graph":[{"@type":"WebPage","@id":"https:\/\/solidariosestrella.org\/actividad\/mochilas-llenas-comunidad-por-comunidad\/","url":"https:\/\/solidariosestrella.org\/actividad\/mochilas-llenas-comunidad-por-comunidad\/","name":"Mochilas Llenas: comunidad por comunidad - Solidarios Estrella","isPartOf":{"@id":"https:\/\/solidariosestrella.org\/#website"},"primaryImageOfPage":{"@id":"https:\/\/solidariosestrella.org\/actividad\/mochilas-llenas-comunidad-por-comunidad\/#primaryimage"},"image":{"@id":"https:\/\/solidariosestrella.org\/actividad\/mochilas-llenas-comunidad-por-comunidad\/#primaryimage"},"thumbnailUrl":"https:\/\/solidariosestrella.org\/wp-content\/uploads\/2026\/09\/DSC4961-scaled.jpg","datePublished":"2026-09-05T20:52:35+00:00","dateModified":"2026-09-05T21:43:00+00:00","breadcrumb":{"@id":"https:\/\/solidariosestrella.org\/actividad\/mochilas-llenas-comunidad-por-comunidad\/#breadcrumb"},"inLanguage":"en-US","potentialAction":[{"@type":"ReadAction","target":["https:\/\/solidariosestrella.org\/actividad\/mochilas-llenas-comunidad-por-comunidad\/"]}]},{"@type":"ImageObject","inLanguage":"en-US","@id":"https:\/\/solidariosestrella.org\/actividad\/mochilas-llenas-comunidad-por-comunidad\/#primaryimage","url":"https:\/\/solidariosestrella.org\/wp-content\/uploads\/2026\/09\/DSC4961-scaled.jpg","contentUrl":"https:\/\/solidariosestrella.org\/wp-content\/uploads\/2026\/09\/DSC4961-scaled.jpg","width":2560,"height":1707},{"@type":"BreadcrumbList","@id":"https:\/\/solidariosestrella.org\/actividad\/mochilas-llenas-comunidad-por-comunidad\/#breadcrumb","itemListElement":[{"@type":"ListItem","position":1,"name":"Home","item":"https:\/\/solidariosestrella.org\/"},{"@type":"ListItem","position":2,"name":"Eventos","item":"https:\/\/solidariosestrella.org\/actividades\/"},{"@type":"ListItem","position":3,"name":"Mochilas Llenas: comunidad por comunidad"}]},{"@type":"WebSite","@id":"https:\/\/solidariosestrella.org\/#website","url":"https:\/\/solidariosestrella.org\/","name":"Solidarios Estrella","description":"","publisher":{"@id":"https:\/\/solidariosestrella.org\/#organization"},"potentialAction":[{"@type":"SearchAction","target":{"@type":"EntryPoint","urlTemplate":"https:\/\/solidariosestrella.org\/?s={search_term_string}"},"query-input":{"@type":"PropertyValueSpecification","valueRequired":true,"valueName":"search_term_string"}}],"inLanguage":"en-US"},{"@type":"Organization","@id":"https:\/\/solidariosestrella.org\/#organization","name":"Solidarios Estrella","url":"https:\/\/solidariosestrella.org\/","logo":{"@type":"ImageObject","inLanguage":"en-US","@id":"https:\/\/solidariosestrella.org\/#\/schema\/logo\/image\/","url":"https:\/\/solidariosestrella.org\/wp-content\/uploads\/2025\/07\/SE_LogoColorHD_250712_V1.png","contentUrl":"https:\/\/solidariosestrella.org\/wp-content\/uploads\/2025\/07\/SE_LogoColorHD_250712_V1.png","width":1782,"height":406,"caption":"Solidarios Estrella"},"image":{"@id":"https:\/\/solidariosestrella.org\/#\/schema\/logo\/image\/"},"sameAs":["https:\/\/www.facebook.com\/profile.php?id=61576196532485","https:\/\/x.com\/FSolidariosE","https:\/\/www.youtube.com\/@FundacionSolidariosEstrella","https:\/\/www.instagram.com\/solidariosestrella?utm_source=ig_web_button_share_sheet&igsh=cHI0OW4wYW8ybDE="]}]}},"ticketed":false,"_links":{"self":[{"href":"https:\/\/solidariosestrella.org\/en\/wp-json\/wp\/v2\/tribe_events\/2408","targetHints":{"allow":["GET"]}}],"collection":[{"href":"https:\/\/solidariosestrella.org\/en\/wp-json\/wp\/v2\/tribe_events"}],"about":[{"href":"https:\/\/solidariosestrella.org\/en\/wp-json\/wp\/v2\/types\/tribe_events"}],"author":[{"embeddable":true,"href":"https:\/\/solidariosestrella.org\/en\/wp-json\/wp\/v2\/users\/1"}],"version-history":[{"count":7,"href":"https:\/\/solidariosestrella.org\/en\/wp-json\/wp\/v2\/tribe_events\/2408\/revisions"}],"predecessor-version":[{"id":2420,"href":"https:\/\/solidariosestrella.org\/en\/wp-json\/wp\/v2\/tribe_events\/2408\/revisions\/2420"}],"wp:featuredmedia":[{"embeddable":true,"href":"https:\/\/solidariosestrella.org\/en\/wp-json\/wp\/v2\/media\/2418"}],"wp:attachment":[{"href":"https:\/\/solidariosestrella.org\/en\/wp-json\/wp\/v2\/media?parent=2408"}],"wp:term":[{"taxonomy":"post_tag","embeddable":true,"href":"https:\/\/solidariosestrella.org\/en\/wp-json\/wp\/v2\/tags?post=2408"},{"taxonomy":"tribe_events_cat","embeddable":true,"href":"https:\/\/solidariosestrella.org\/en\/wp-json\/wp\/v2\/tribe_events_cat?post=2408"}],"curies":[{"name":"wp","href":"https:\/\/api.w.org\/{rel}","templated":true}]}}